{"id":2,"date":"2020-12-26T10:38:34","date_gmt":"2020-12-26T09:38:34","guid":{"rendered":"https:\/\/www.locus-solus.org\/?page_id=2"},"modified":"2020-12-26T10:59:26","modified_gmt":"2020-12-26T09:59:26","slug":"page-d-exemple","status":"publish","type":"page","link":"https:\/\/www.locus-solus.org\/","title":{"rendered":"Entr\u00e9e"},"content":{"rendered":"\n<figure class=\"wp-block-image size-large\"><img loading=\"lazy\" decoding=\"async\" width=\"800\" height=\"566\" src=\"https:\/\/www.locus-solus.org\/wp-content\/uploads\/2020\/12\/AfficheAudeetsespoetes2019_1.jpg\" alt=\"\" class=\"wp-image-7\" srcset=\"https:\/\/www.locus-solus.org\/wp-content\/uploads\/2020\/12\/AfficheAudeetsespoetes2019_1.jpg 800w, https:\/\/www.locus-solus.org\/wp-content\/uploads\/2020\/12\/AfficheAudeetsespoetes2019_1-300x212.jpg 300w, https:\/\/www.locus-solus.org\/wp-content\/uploads\/2020\/12\/AfficheAudeetsespoetes2019_1-768x543.jpg 768w, https:\/\/www.locus-solus.org\/wp-content\/uploads\/2020\/12\/AfficheAudeetsespoetes2019_1-600x425.jpg 600w\" sizes=\"auto, (max-width: 800px) 100vw, 800px\" \/><\/figure>\n\n\n\n<p>Pr\u00e9sentation et lecture des po\u00e8tes de l&rsquo;Aude.<br>Quels po\u00e8tes? D&rsquo;o\u00f9 sont-ils? De Moux? Carcassonne? Narbonne? Fabrezan?<br>Hommage \u00e0 Jean Lebrau, Paul Pugnaud, Joe Bousquet, Joseph Delteil, Charles Trenet, Peire Vidal, Charles Cros, Pierre Reverdy, Ren\u00e9 Depestre et quelques autres<\/p>\n\n\n\n<p>Avec : l&rsquo;association Livre au Vent, la librairie Le Nom de l&rsquo;homme (Lagrasse), le po\u00e8te R\u00e9my des Corbi\u00e8res, le groupe de lecteurs du Printemps des Po\u00e8tes de Palairac, Villerouge-Termenes, Tuchan, Albas, Fontjoncouse.<br>La participation de la mairie de Fontjoncouse, la collaboration de ses jeunes vignerons (Domaine Femenias, Domaine Couchalou).<\/p>\n\n\n\n<p>O\u00f9? Au Foyer de Fontjoncouse (route de Coustouge)<br>Quand? Le samedi 12 octobre \u00e0 partir de 18h<\/p>\n\n\n\n<p>Pr\u00e9sentation (18h), pause gourmande (19h), lectures par le groupe du Printemps des Po\u00e8tes (20h), sc\u00e8ne ouverte.<\/p>\n\n\n\n<p>Contact :\u00a0<a href=\"mailto:locus.smile@gmail.com\">locus.smile@gmail.com<\/a><\/p>\n\n\n\n<figure class=\"wp-block-image size-large\"><img loading=\"lazy\" decoding=\"async\" width=\"640\" height=\"480\" src=\"https:\/\/www.locus-solus.org\/wp-content\/uploads\/2020\/12\/DSC00903_00_640_2_2.jpg\" alt=\"\" class=\"wp-image-12\" srcset=\"https:\/\/www.locus-solus.org\/wp-content\/uploads\/2020\/12\/DSC00903_00_640_2_2.jpg 640w, https:\/\/www.locus-solus.org\/wp-content\/uploads\/2020\/12\/DSC00903_00_640_2_2-300x225.jpg 300w, https:\/\/www.locus-solus.org\/wp-content\/uploads\/2020\/12\/DSC00903_00_640_2_2-600x450.jpg 600w\" sizes=\"auto, (max-width: 640px) 100vw, 640px\" \/><figcaption>F\u00e9vrier 2018<\/figcaption><\/figure>\n\n\n\n<pre class=\"wp-block-verse\">Le dernier de mes po\u00e8mes,\ncelui qui\nvoulait venir,\n-son insistance diffuse-,\ndes mots voulaient se poser,\navait l'audace d'un songe,\nson cort\u00e8ge d'ombres s\u00fbres,\nsans rien dire a d\u00e9sert\u00e9,\ncar un souffle vaste et libre\nl'aura emport\u00e9 au loin,\net dans une odeur de ciel,\nde cristal en mouvement,\ns'agitaient des fleurs sauvages,\nleurs pieds serr\u00e9s dans l'argile,\u00a0\ndansaient pour lui sans raison,\nl'herbe coup\u00e9e,\nsous sa l\u00e8vre,\npoussait des cris de diamant.\n\n\n\nL'oubli des mots.\nUn trait vert\norganique\nsommeille sous la porte\u00a0\nqu'on ne poussera pas.\n\nLa fl\u00e8che d'une voix,\nsa pr\u00e9cieuse dur\u00e9e\n\u00e9tonne le silence.\nDans le suint de sa laine\u00a0\nla parole s'avance\n\nTout est vivant,\ndit la pierre emplum\u00e9e,\nqui tombe,\nabrupte,\net s'\u00e9l\u00e8ve \u00e0 nouveau.<\/pre>\n","protected":false},"excerpt":{"rendered":"<p>Pr\u00e9sentation et lecture des po\u00e8tes de l&rsquo;Aude.Quels po\u00e8tes? D&rsquo;o\u00f9 sont-ils? De Moux? Carcassonne? Narbonne? Fabrezan?Hommage \u00e0 Jean Lebrau, Paul Pugnaud, Joe Bousquet, Joseph Delteil, Charles Trenet, Peire Vidal, Charles Cros, Pierre Reverdy, Ren\u00e9 Depestre et quelques autres Avec : l&rsquo;association Livre au Vent, la librairie Le Nom de l&rsquo;homme (Lagrasse), le po\u00e8te R\u00e9my des Corbi\u00e8res,<a class=\"moretag\" href=\"https:\/\/www.locus-solus.org\/\">Read more<\/a><\/p>\n","protected":false},"author":1,"featured_media":0,"parent":0,"menu_order":0,"comment_status":"closed","ping_status":"open","template":"","meta":{"footnotes":""},"class_list":["post-2","page","type-page","status-publish","hentry"],"_links":{"self":[{"href":"https:\/\/www.locus-solus.org\/index.php\/wp-json\/wp\/v2\/pages\/2","targetHints":{"allow":["GET"]}}],"collection":[{"href":"https:\/\/www.locus-solus.org\/index.php\/wp-json\/wp\/v2\/pages"}],"about":[{"href":"https:\/\/www.locus-solus.org\/index.php\/wp-json\/wp\/v2\/types\/page"}],"author":[{"embeddable":true,"href":"https:\/\/www.locus-solus.org\/index.php\/wp-json\/wp\/v2\/users\/1"}],"replies":[{"embeddable":true,"href":"https:\/\/www.locus-solus.org\/index.php\/wp-json\/wp\/v2\/comments?post=2"}],"version-history":[{"count":4,"href":"https:\/\/www.locus-solus.org\/index.php\/wp-json\/wp\/v2\/pages\/2\/revisions"}],"predecessor-version":[{"id":14,"href":"https:\/\/www.locus-solus.org\/index.php\/wp-json\/wp\/v2\/pages\/2\/revisions\/14"}],"wp:attachment":[{"href":"https:\/\/www.locus-solus.org\/index.php\/wp-json\/wp\/v2\/media?parent=2"}],"curies":[{"name":"wp","href":"https:\/\/api.w.org\/{rel}","templated":true}]}}